{"id":16693,"date":"2022-05-04T08:44:45","date_gmt":"2022-05-04T06:44:45","guid":{"rendered":"https:\/\/www.paulroubier.com\/?page_id=16693"},"modified":"2022-10-26T18:15:15","modified_gmt":"2022-10-26T16:15:15","slug":"conferences","status":"publish","type":"page","link":"https:\/\/www.paulroubier.com\/index.php\/conferences\/","title":{"rendered":"conf\u00e9rences"},"content":{"rendered":"<p>[vc_row css_animation=&#8221;&#8221; row_type=&#8221;row&#8221; use_row_as_full_screen_section=&#8221;no&#8221; type=&#8221;grid&#8221; angled_section=&#8221;no&#8221; text_align=&#8221;left&#8221; background_image_as_pattern=&#8221;without_pattern&#8221; anchor=&#8221;cycle&#8221; padding_top=&#8221;34&#8243; z_index=&#8221;&#8221;][vc_column width=&#8221;1\/3&#8243;][vc_single_image image=&#8221;16210&#8243; img_size=&#8221;full&#8221; qode_css_animation=&#8221;element_from_left&#8221; transition_delay=&#8221;0.3&#8243;][vc_separator type=&#8221;transparent&#8221; up=&#8221;15&#8243; down=&#8221;0&#8243;][\/vc_column][vc_column width=&#8221;2\/3&#8243;][vc_column_text]<\/p>\n<h3 style=\"text-align: left;\">Conf\u00e9rences d\u2019actualisation et de perfectionnement 2022<\/h3>\n<p>[\/vc_column_text][vc_column_text]<\/p>\n<p class=\"p1\">Journ\u00e9e 1 D\u00e9fense des droits, Proc\u00e9dures (C. de Haas, J.-P. Stouls, E. Treppoz) &#8211; 28 mars 2022<\/p>\n<p class=\"p1\">Journ\u00e9e 2 (demi-journ\u00e9e) : Juridiction Unifi\u00e9e du Brevet (bases) (P. Veron &#8211; T. Bouvet) &#8211; 26 septembre 2022<\/p>\n<p class=\"p1\">Journ\u00e9e 3 Juridiction Unifi\u00e9e du Brevet (avanc\u00e9e) (P. Veron &#8211; T. Bouvet) &#8211; 7 novembre 2022<\/p>\n<p>Journ\u00e9e 4 Actualit\u00e9 en droit des marques (Y. Basire &#8211; G. Arbant) &#8211; 21 novembre 2022<\/p>\n<p><strong>500 \u20ac HT \/ jour<br \/>\n<\/strong>[\/vc_column_text][vc_separator type=&#8221;small&#8221; position=&#8221;left&#8221; up=&#8221;20&#8243; down=&#8221;20&#8243;][vc_column_text]<span class=\"txtGris introduction\">Les conf\u00e9rences d\u2019actualisation et de perfectionnement sont destin\u00e9es \u00e0 un public de praticiens confirm\u00e9s souhaitant approfondir leurs connaissances et les actualiser. L\u2019objectif est d\u2019offrir aux praticiens une mise \u00e0 jour sur l\u2019actualit\u00e9 de la protection des biens intellectuels.<\/span>[\/vc_column_text][vc_separator type=&#8221;transparent&#8221; up=&#8221;0&#8243; down=&#8221;20&#8243;]<div class=\"custom_font_holder\" style=\"font-family: Lora; font-size: 14px; line-height: 18px; font-style: italic; font-weight: 400; color: #9b825e; text-decoration: none; text-align: left;\"><a href=\"https:\/\/www.paulroubier.com\/index.php\/le-cycle-dactualisation-v2\/\">Lire la suite<\/a><\/div>[\/vc_column][\/vc_row][vc_row css_animation=&#8221;&#8221; row_type=&#8221;row&#8221; use_row_as_full_screen_section=&#8221;no&#8221; type=&#8221;grid&#8221; angled_section=&#8221;no&#8221; text_align=&#8221;left&#8221; background_image_as_pattern=&#8221;without_pattern&#8221; anchor=&#8221;cycle&#8221; padding_top=&#8221;34&#8243; z_index=&#8221;&#8221;][vc_column width=&#8221;2\/3&#8243;][vc_column_text]<\/p>\n<h3 style=\"text-align: left;\">Atelier Juridiction unifi\u00e9e du brevet n\u00b01: bases<\/h3>\n<p>[\/vc_column_text][vc_column_text]<\/p>\n<p class=\"p1\">Lyon, 26 septembre 2022 (9h-12), Universit\u00e9 Jean Moulin Lyon 3, 15 Quai Claude Bernard, 69003 Lyon<\/p>\n<p class=\"p1\"><strong>PROGRAMME<\/strong><\/p>\n<p class=\"p1\">M\u00e9canismes du brevet unitaire ; Comp\u00e9tence et principales caract\u00e9ristiques de la Juridiction unifi\u00e9e du brevet ; P\u00e9riode transitoire et opt-out.<\/p>\n<p><strong>INTERVENANTS<\/strong><\/p>\n<ul>\n<li><strong>Pierre V\u00e9ron<\/strong>, Ancien Pr\u00e9sident de l\u2019European Patent Lawyers Association et de l\u2019AAPI, Membre du comit\u00e9 de r\u00e9daction du r\u00e8glement de proc\u00e9dure de la JUB<br \/>\net du groupe d\u2019experts aupr\u00e8s du comit\u00e9 administratif de la Juridiction unifi\u00e9e du brevet.<\/li>\n<li><strong>Thomas Bouvet<\/strong>, Avocat au barreau de Paris, Jones Day, Ancien Pr\u00e9sident du GRAPI, Administrateur du Centre Paul Roubier.<\/li>\n<\/ul>\n<p>[\/vc_column_text][vc_separator type=&#8221;small&#8221; position=&#8221;left&#8221; up=&#8221;20&#8243; down=&#8221;20&#8243;][\/vc_column][vc_column width=&#8221;1\/3&#8243;][vc_single_image image=&#8221;17041&#8243; img_size=&#8221;full&#8221; qode_css_animation=&#8221;element_from_left&#8221; transition_delay=&#8221;0.3&#8243;][vc_separator type=&#8221;transparent&#8221; up=&#8221;15&#8243; down=&#8221;0&#8243;][\/vc_column][\/vc_row][vc_row css_animation=&#8221;&#8221; row_type=&#8221;row&#8221; use_row_as_full_screen_section=&#8221;no&#8221; type=&#8221;grid&#8221; angled_section=&#8221;no&#8221; text_align=&#8221;left&#8221; background_image_as_pattern=&#8221;without_pattern&#8221; anchor=&#8221;cycle&#8221; padding_top=&#8221;34&#8243; z_index=&#8221;&#8221;][vc_column width=&#8221;1\/3&#8243;][vc_single_image image=&#8221;17043&#8243; img_size=&#8221;full&#8221; qode_css_animation=&#8221;element_from_left&#8221; transition_delay=&#8221;0.3&#8243;][vc_separator type=&#8221;transparent&#8221; up=&#8221;15&#8243; down=&#8221;0&#8243;][\/vc_column][vc_column width=&#8221;2\/3&#8243;][vc_column_text]<\/p>\n<h3 style=\"text-align: left;\">Atelier Juridiction unifi\u00e9e du brevet n\u00b02: avanc\u00e9e<\/h3>\n<p>[\/vc_column_text][vc_column_text]<\/p>\n<p class=\"p1\">Lyon, 7 novembre 2022 (9h-17), Universit\u00e9 Jean Moulin Lyon 3, 15 Quai Claude Bernard, 69003 Lyon<\/p>\n<p class=\"p1\"><strong>PROGRAMME<\/strong><\/p>\n<p style=\"margin-top: 6.0pt;\">Divisions\u00a0; Comp\u00e9tence, conflit de juridiction, litispendance, torpilles\u00a0; Droit applicable : m\u00e9canismes, place du droit national, effet de l\u2019opt-out\u00a0; Proc\u00e9dure selon les types d\u2019actions\u00a0; Modes de preuve&#8230;<\/p>\n<p><strong>INTERVENANTS<\/strong><\/p>\n<ul>\n<li><strong>Pierre V\u00e9ron<\/strong>, Ancien Pr\u00e9sident de l\u2019European Patent Lawyers Association et de l\u2019AAPI, Membre du comit\u00e9 de r\u00e9daction du r\u00e8glement de proc\u00e9dure de la JUB<br \/>\net du groupe d\u2019experts aupr\u00e8s du comit\u00e9 administratif de la Juridiction unifi\u00e9e du brevet.<\/li>\n<li><strong>Thomas Bouvet<\/strong>, Avocat au barreau de Paris, Jones Day, Ancien Pr\u00e9sident du GRAPI, Administrateur du Centre Paul Roubier.<\/li>\n<\/ul>\n<p>[\/vc_column_text][vc_separator type=&#8221;small&#8221; position=&#8221;left&#8221; up=&#8221;20&#8243; down=&#8221;20&#8243;][\/vc_column][\/vc_row][vc_row css_animation=&#8221;&#8221; row_type=&#8221;row&#8221; use_row_as_full_screen_section=&#8221;no&#8221; type=&#8221;grid&#8221; angled_section=&#8221;no&#8221; text_align=&#8221;left&#8221; background_image_as_pattern=&#8221;without_pattern&#8221; anchor=&#8221;cycle&#8221; padding_top=&#8221;34&#8243; z_index=&#8221;&#8221;][vc_column width=&#8221;2\/3&#8243;][vc_column_text]<\/p>\n<h3 style=\"text-align: left;\">Colloque sur les 30 ans du Code de la propri\u00e9t\u00e9 intellectuelle<\/h3>\n<p>[\/vc_column_text][vc_column_text]<\/p>\n<p class=\"p1\">Organis\u00e9 par le CEIPI et le Centre Paul Roubier<\/p>\n<p class=\"p1\">Paris, 1er juillet 2022<\/p>\n<p class=\"p1\"><strong>\u00a0<\/strong><\/p>\n<p>[\/vc_column_text][vc_separator type=&#8221;small&#8221; position=&#8221;left&#8221; up=&#8221;20&#8243; down=&#8221;20&#8243;][\/vc_column][vc_column width=&#8221;1\/3&#8243;][vc_single_image image=&#8221;16999&#8243; img_size=&#8221;full&#8221; qode_css_animation=&#8221;element_from_left&#8221; transition_delay=&#8221;0.3&#8243;][vc_separator type=&#8221;transparent&#8221; up=&#8221;15&#8243; down=&#8221;0&#8243;][\/vc_column][\/vc_row][vc_row css_animation=&#8221;&#8221; row_type=&#8221;row&#8221; use_row_as_full_screen_section=&#8221;no&#8221; type=&#8221;grid&#8221; angled_section=&#8221;no&#8221; text_align=&#8221;left&#8221; background_image_as_pattern=&#8221;without_pattern&#8221; anchor=&#8221;cycle&#8221; padding_top=&#8221;34&#8243; z_index=&#8221;&#8221;][vc_column width=&#8221;1\/3&#8243;][vc_single_image image=&#8221;17002&#8243; img_size=&#8221;medium&#8221; qode_css_animation=&#8221;element_from_left&#8221; transition_delay=&#8221;0.3&#8243;][vc_separator type=&#8221;transparent&#8221; up=&#8221;15&#8243; down=&#8221;0&#8243;][\/vc_column][vc_column width=&#8221;2\/3&#8243;][vc_column_text]<\/p>\n<h3 style=\"text-align: left;\">Les actifs incorporels et l&#8217;entreprise en difficult\u00e9<\/h3>\n<p>[\/vc_column_text][vc_column_text]Report\u00e9 au 18 novembre 2022, Universit\u00e9 Jean Moulin Lyon 3<\/p>\n<p class=\"p1\">Sous la direction scientifique de Nicolas BORGA, Professeur, Centre de droit de l\u2019entreprise, \u00c9quipe de recherche Louis Josserand, Directeur de l\u2019IDEA, Universit\u00e9 Jean Moulin Lyon 3 et \u00c9tienne ANDR\u00c9, Docteur en droit, collaborateur Mandataire judiciaire, MJ-Synergie.<\/p>\n<p>[\/vc_column_text][vc_separator type=&#8221;small&#8221; position=&#8221;left&#8221; up=&#8221;20&#8243; down=&#8221;20&#8243;][\/vc_column][\/vc_row][vc_row css_animation=&#8221;&#8221; row_type=&#8221;row&#8221; use_row_as_full_screen_section=&#8221;no&#8221; type=&#8221;grid&#8221; angled_section=&#8221;no&#8221; text_align=&#8221;left&#8221; background_image_as_pattern=&#8221;without_pattern&#8221; anchor=&#8221;cycle&#8221; padding_top=&#8221;34&#8243; z_index=&#8221;&#8221;][vc_column width=&#8221;2\/3&#8243;][vc_column_text]<\/p>\n<h3 style=\"text-align: left;\">Entreprise et cyber-risques<\/h3>\n<p>[\/vc_column_text][vc_column_text]13 septembre 2022, Amphith\u00e9\u00e2tre Huvelin, Universit\u00e9 Jean Moulin Lyon 3<\/p>\n<p>Organis\u00e9 par la Chaire de s\u00e9curit\u00e9 globale de la Police nationale, avec la participation du Centre Paul Roubier.[\/vc_column_text][vc_separator type=&#8221;small&#8221; position=&#8221;left&#8221; up=&#8221;20&#8243; down=&#8221;20&#8243;][\/vc_column][vc_column width=&#8221;1\/3&#8243;][vc_single_image image=&#8221;17045&#8243; img_size=&#8221;medium&#8221; qode_css_animation=&#8221;element_from_left&#8221; transition_delay=&#8221;0.3&#8243;][vc_separator type=&#8221;transparent&#8221; up=&#8221;15&#8243; down=&#8221;0&#8243;][\/vc_column][\/vc_row][vc_row css_animation=&#8221;&#8221; row_type=&#8221;row&#8221; use_row_as_full_screen_section=&#8221;no&#8221; type=&#8221;full_width&#8221; angled_section=&#8221;no&#8221; text_align=&#8221;left&#8221; background_image_as_pattern=&#8221;without_pattern&#8221;][vc_column][vc_separator type=&#8221;transparent&#8221; up=&#8221;94&#8243; down=&#8221;0&#8243;][\/vc_column][\/vc_row]<\/p>\n","protected":false},"excerpt":{"rendered":"<p>[vc_row css_animation=&#8221;&#8221; row_type=&#8221;row&#8221; use_row_as_full_screen_section=&#8221;no&#8221; type=&#8221;grid&#8221; angled_section=&#8221;no&#8221; text_align=&#8221;left&#8221; background_image_as_pattern=&#8221;without_pattern&#8221; anchor=&#8221;cycle&#8221; padding_top=&#8221;34&#8243; z_index=&#8221;&#8221;][vc_column width=&#8221;1\/3&#8243;][vc_single_image image=&#8221;16210&#8243; img_size=&#8221;full&#8221; qode_css_animation=&#8221;element_from_left&#8221; transition_delay=&#8221;0.3&#8243;][vc_separator type=&#8221;transparent&#8221; up=&#8221;15&#8243; down=&#8221;0&#8243;][\/vc_column][vc_column width=&#8221;2\/3&#8243;][vc_column_text] Conf\u00e9rences d\u2019actualisation et de perfectionnement 2022 [\/vc_column_text][vc_column_text] Journ\u00e9e 1 D\u00e9fense des droits, Proc\u00e9dures (C. de Haas, J.-P. Stouls, E. Treppoz) &#8211; 28 mars 2022 Journ\u00e9e&#8230;<\/p>\n","protected":false},"author":2,"featured_media":0,"parent":0,"menu_order":0,"comment_status":"closed","ping_status":"closed","template":"","meta":{"footnotes":""},"class_list":["post-16693","page","type-page","status-publish","hentry"],"_links":{"self":[{"href":"https:\/\/www.paulroubier.com\/index.php\/wp-json\/wp\/v2\/pages\/16693","targetHints":{"allow":["GET"]}}],"collection":[{"href":"https:\/\/www.paulroubier.com\/index.php\/wp-json\/wp\/v2\/pages"}],"about":[{"href":"https:\/\/www.paulroubier.com\/index.php\/wp-json\/wp\/v2\/types\/page"}],"author":[{"embeddable":true,"href":"https:\/\/www.paulroubier.com\/index.php\/wp-json\/wp\/v2\/users\/2"}],"replies":[{"embeddable":true,"href":"https:\/\/www.paulroubier.com\/index.php\/wp-json\/wp\/v2\/comments?post=16693"}],"version-history":[{"count":29,"href":"https:\/\/www.paulroubier.com\/index.php\/wp-json\/wp\/v2\/pages\/16693\/revisions"}],"predecessor-version":[{"id":17072,"href":"https:\/\/www.paulroubier.com\/index.php\/wp-json\/wp\/v2\/pages\/16693\/revisions\/17072"}],"wp:attachment":[{"href":"https:\/\/www.paulroubier.com\/index.php\/wp-json\/wp\/v2\/media?parent=16693"}],"curies":[{"name":"wp","href":"https:\/\/api.w.org\/{rel}","templated":true}]}}