{"id":16216,"date":"2018-10-03T15:30:39","date_gmt":"2018-10-03T13:30:39","guid":{"rendered":"http:\/\/www.paulroubier.com\/?page_id=16216"},"modified":"2023-05-09T21:30:40","modified_gmt":"2023-05-09T19:30:40","slug":"module-03-lobtention-du-brevet-les-conditions-de-forme","status":"publish","type":"page","link":"https:\/\/www.paulroubier.com\/index.php\/module-03-lobtention-du-brevet-les-conditions-de-forme\/","title":{"rendered":"Module 3 : L\u2019obtention du brevet : les conditions de forme"},"content":{"rendered":"<p>[vc_row css_animation=&#8221;&#8221; row_type=&#8221;row&#8221; use_row_as_full_screen_section=&#8221;no&#8221; type=&#8221;full_width&#8221; angled_section=&#8221;no&#8221; text_align=&#8221;left&#8221; background_image_as_pattern=&#8221;without_pattern&#8221;][vc_column width=&#8221;1\/4&#8243;][vc_single_image image=&#8221;16205&#8243; img_size=&#8221;full&#8221; qode_css_animation=&#8221;&#8221;][\/vc_column][vc_column width=&#8221;3\/4&#8243;][vc_column_text]<span class=\"txtGris\"><strong>Objectifs:<\/strong> Donner aux auditeurs les moyens d\u2019appr\u00e9hender l\u2019ensemble des proc\u00e9dures administratives permettant d\u2019obtenir un brevet fran\u00e7ais et d\u2019\u00e9tendre la protection de l\u2019invention \u00e0 l\u2019\u00e9tranger, en particulier en Europe, en application des conventions internationales et de recherche et d\u00e9veloppement.<\/span><\/p>\n<p><strong>Pr\u00e9requis :<\/strong> il est n\u00e9cessaire d&#8217;avoir suivi les formations \u00ab\u00a0Les voies de protection de l\u2019invention \u00bb et \u00ab\u00a0L\u2019obtention du brevet, les conditions de fond\u00a0\u00bb, ou d\u2019avoir les connaissances \u00e9quivalentes.<\/p>\n<p><strong>Public vis\u00e9 :<\/strong> ing\u00e9nieurs et personnels des administrations et entreprises innovantes, conseils en propri\u00e9t\u00e9 industrielle, avocats et juristes d\u2019enreprises en qu\u00eate de sp\u00e9cialisation dans le domaine des brevets.<\/p>\n<p><strong>Comp\u00e9tences : <\/strong>Etre en mesure d\u2019appr\u00e9cier les cons\u00e9quences des choix de proc\u00e9dure en mati\u00e8re de brevet. Mettre en oeuvre les connaissances n\u00e9cessaires \u00e0 la constitution et au suivi des dossiers de brevets.[\/vc_column_text][\/vc_column][\/vc_row][vc_row css_animation=&#8221;&#8221; row_type=&#8221;row&#8221; use_row_as_full_screen_section=&#8221;no&#8221; type=&#8221;full_width&#8221; angled_section=&#8221;no&#8221; text_align=&#8221;left&#8221; background_image_as_pattern=&#8221;without_pattern&#8221;][vc_column][vc_empty_space][vc_accordion active_tab=&#8221;1&#8243; style=&#8221;toggle&#8221;][vc_accordion_tab title=&#8221;Journ\u00e9e 1 : Les voies europ\u00e9ennes et nationales&#8221; title_color=&#8221;#000000&#8243; background_color=&#8221;#ffffff&#8221;][vc_row_inner row_type=&#8221;row&#8221; type=&#8221;full_width&#8221; text_align=&#8221;left&#8221; css_animation=&#8221;&#8221;][vc_column_inner width=&#8221;1\/2&#8243;][vc_column_text]<strong>PROGRAMME :<\/strong><\/p>\n<p>I. Les proc\u00e9dures FR et EP<br \/>\n&#8211; Le d\u00e9p\u00f4t<br \/>\n&#8211; La recherche<br \/>\n&#8211; La publication<br \/>\n&#8211; L\u2019examen incluant l\u2019appr\u00e9ciation des conditions de brevetabilit\u00e9<br \/>\n&#8211; La d\u00e9livrance ou le rejet<\/p>\n<p>II. R\u00e8gles g\u00e9n\u00e9rales de proc\u00e9dure<\/p>\n<p>III. Autres proc\u00e9dures:<br \/>\n&#8211; Proc\u00e9dure orale<br \/>\n&#8211; Proc\u00e9dures post-d\u00e9livrance<br \/>\no L\u2019opposition<br \/>\no Limitation\/renonciation\/r\u00e9vocation<br \/>\n&#8211; Les inscriptions<\/p>\n<p>IV. Articulation droit FR\/EP<\/p>\n<p>IV. Le brevet \u00e0 effet unitaire<br \/>\n&#8211; Calendrier<br \/>\n&#8211; Articulation brevet EP classique\/ brevet \u00e0 effet unitaire<br \/>\n&#8211; P\u00e9riode transitoire<br \/>\n&#8211; Avantages\/Inconv\u00e9nients<br \/>\n&#8211; Opt-out[\/vc_column_text][\/vc_column_inner][vc_column_inner width=&#8221;1\/2&#8243;][vc_column_text]<strong>Intervenant<\/strong><br \/>\nAlexandre Lebkiri. Conseil en prori\u00e9t\u00e9 industrielle et Mandataire agr\u00e9\u00e9 par l\u2019OEB &#8211; Ancien responsable de la propri\u00e9t\u00e9 intellectuelle AREVA NP.[\/vc_column_text][\/vc_column_inner][\/vc_row_inner][\/vc_accordion_tab][vc_accordion_tab title=&#8221;journ\u00e9e 2 : La voie internationale&#8221;][vc_row_inner row_type=&#8221;row&#8221; type=&#8221;full_width&#8221; text_align=&#8221;left&#8221; css_animation=&#8221;&#8221;][vc_column_inner width=&#8221;1\/2&#8243;][vc_column_text]<strong>PROGRAMME :<\/strong><br \/>\n\u2022 Introduction au syst\u00e8me PCT ; chronologie du PCT.<br \/>\n\u2022 Le d\u00e9p\u00f4t de la demande internationale.<br \/>\n\u2022 La recherche internationale et l\u2019examen pr\u00e9liminaire international.<br \/>\n\u2022 Le PCT, instrument de strat\u00e9gie pour le d\u00e9p\u00f4t des demandes de brevet \u00e0 l\u2019\u00e9tranger.[\/vc_column_text][\/vc_column_inner][vc_column_inner width=&#8221;1\/2&#8243;][vc_column_text]<strong>Intervenant<\/strong><br \/>\nOMPI.[\/vc_column_text][\/vc_column_inner][\/vc_row_inner][\/vc_accordion_tab][\/vc_accordion][vc_column_text](1) Demi-journ\u00e9e le matin<br \/>\n(2) Demi-journ\u00e9e l\u2019apr\u00e8s-midi[\/vc_column_text][\/vc_column][\/vc_row][vc_row css_animation=&#8221;&#8221; row_type=&#8221;row&#8221; use_row_as_full_screen_section=&#8221;no&#8221; type=&#8221;full_width&#8221; angled_section=&#8221;no&#8221; text_align=&#8221;left&#8221; background_image_as_pattern=&#8221;without_pattern&#8221;][vc_column][vc_empty_space][\/vc_column][\/vc_row]<\/p>\n","protected":false},"excerpt":{"rendered":"<p>[vc_row css_animation=&#8221;&#8221; row_type=&#8221;row&#8221; use_row_as_full_screen_section=&#8221;no&#8221; type=&#8221;full_width&#8221; angled_section=&#8221;no&#8221; text_align=&#8221;left&#8221; background_image_as_pattern=&#8221;without_pattern&#8221;][vc_column width=&#8221;1\/4&#8243;][vc_single_image image=&#8221;16205&#8243; img_size=&#8221;full&#8221; qode_css_animation=&#8221;&#8221;][\/vc_column][vc_column width=&#8221;3\/4&#8243;][vc_column_text]Objectifs: Donner aux auditeurs les moyens d\u2019appr\u00e9hender l\u2019ensemble des proc\u00e9dures administratives permettant d\u2019obtenir un brevet fran\u00e7ais et d\u2019\u00e9tendre la protection de l\u2019invention \u00e0 l\u2019\u00e9tranger, en particulier en Europe, en application des conventions internationales&#8230;<\/p>\n","protected":false},"author":1,"featured_media":0,"parent":0,"menu_order":0,"comment_status":"closed","ping_status":"closed","template":"","meta":{"footnotes":""},"class_list":["post-16216","page","type-page","status-publish","hentry"],"_links":{"self":[{"href":"https:\/\/www.paulroubier.com\/index.php\/wp-json\/wp\/v2\/pages\/16216","targetHints":{"allow":["GET"]}}],"collection":[{"href":"https:\/\/www.paulroubier.com\/index.php\/wp-json\/wp\/v2\/pages"}],"about":[{"href":"https:\/\/www.paulroubier.com\/index.php\/wp-json\/wp\/v2\/types\/page"}],"author":[{"embeddable":true,"href":"https:\/\/www.paulroubier.com\/index.php\/wp-json\/wp\/v2\/users\/1"}],"replies":[{"embeddable":true,"href":"https:\/\/www.paulroubier.com\/index.php\/wp-json\/wp\/v2\/comments?post=16216"}],"version-history":[{"count":10,"href":"https:\/\/www.paulroubier.com\/index.php\/wp-json\/wp\/v2\/pages\/16216\/revisions"}],"predecessor-version":[{"id":17081,"href":"https:\/\/www.paulroubier.com\/index.php\/wp-json\/wp\/v2\/pages\/16216\/revisions\/17081"}],"wp:attachment":[{"href":"https:\/\/www.paulroubier.com\/index.php\/wp-json\/wp\/v2\/media?parent=16216"}],"curies":[{"name":"wp","href":"https:\/\/api.w.org\/{rel}","templated":true}]}}