{"id":16196,"date":"2018-10-03T15:05:15","date_gmt":"2018-10-03T13:05:15","guid":{"rendered":"http:\/\/www.paulroubier.com\/?page_id=16196"},"modified":"2025-12-02T09:14:44","modified_gmt":"2025-12-02T08:14:44","slug":"module-01","status":"publish","type":"page","link":"https:\/\/www.paulroubier.com\/index.php\/module-01\/","title":{"rendered":"Module 1 : Les voies de protection de l&#8217;invention"},"content":{"rendered":"<p>[vc_row css_animation=&#8221;&#8221; row_type=&#8221;row&#8221; use_row_as_full_screen_section=&#8221;no&#8221; type=&#8221;full_width&#8221; angled_section=&#8221;no&#8221; text_align=&#8221;left&#8221; background_image_as_pattern=&#8221;without_pattern&#8221;][vc_column width=&#8221;1\/4&#8243;][vc_single_image image=&#8221;16215&#8243; img_size=&#8221;full&#8221; qode_css_animation=&#8221;&#8221;][\/vc_column][vc_column width=&#8221;3\/4&#8243;][vc_column_text]<span class=\"txtGris\"><strong>Objectifs:<\/strong> Apr\u00e8s une journ\u00e9e consacr\u00e9e \u00e0 une pr\u00e9sentation du cadre g\u00e9n\u00e9ral de la propri\u00e9t\u00e9 industrielle, permettre aux auditeurs de conna\u00eetre la pratique des secrets d\u2019affaires.<\/span><\/p>\n<p><strong>Pr\u00e9requis :<\/strong> connaissances de base en mati\u00e8re de protection de l\u2019innovation au sein de l\u2019entreprise.<\/p>\n<p><strong>Public vis\u00e9 :<\/strong> ing\u00e9nieurs et personnels des administrations et entreprises innovantes, conseils en propri\u00e9t\u00e9 industrielle, avocats et juristes d\u2019enreprises en qu\u00eate de sp\u00e9cialisation dans le domaine des brevets.<\/p>\n<p><strong>Comp\u00e9tences : <\/strong>Pouvoir appr\u00e9cier et d\u00e9terminer le r\u00f4le du brevet dans une politique de protection de l\u2019innovation.\u00a0 Etre en mesure d\u2019appr\u00e9cier l\u2019opportunit\u00e9 de protections compl\u00e9mentaires.\u00a0 D\u00e9terminer et mettre en place les proc\u00e9dures de protection des secrets d\u2019affaires et des innovations.[\/vc_column_text][\/vc_column][\/vc_row][vc_row css_animation=&#8221;&#8221; row_type=&#8221;row&#8221; use_row_as_full_screen_section=&#8221;no&#8221; type=&#8221;full_width&#8221; angled_section=&#8221;no&#8221; text_align=&#8221;left&#8221; background_image_as_pattern=&#8221;without_pattern&#8221;][vc_column][vc_empty_space][vc_accordion active_tab=&#8221;1&#8243; style=&#8221;toggle&#8221;][vc_accordion_tab title=&#8221;Journ\u00e9e 1 &#8211; Introduction g\u00e9n\u00e9rale \u00e0 la propri\u00e9t\u00e9 intellectuelle&#8221; title_color=&#8221;#000000&#8243;][vc_row_inner row_type=&#8221;row&#8221; type=&#8221;full_width&#8221; text_align=&#8221;left&#8221; css_animation=&#8221;&#8221;][vc_column_inner width=&#8221;1\/2&#8243;][vc_column_text]<strong>PROGRAMME :<\/strong><br \/>\n\u2022 (1) Les instruments de la protection.<br \/>\n\u2022 (1) Le choix d\u2019une protection de l\u2019invention (brevet ou secret).[\/vc_column_text][vc_column_text]<strong>Intervenant<\/strong><\/p>\n<p>Pascal Kamina (1), Professeur agr\u00e9g\u00e9 \u00e0 l&#8217;Universit\u00e9 de Lyon III, avocat, Directeur du Centre Paul Roubier[\/vc_column_text][\/vc_column_inner][vc_column_inner width=&#8221;1\/2&#8243;][vc_column_text]<strong>PROGRAMME :<\/strong><br \/>\n\u2022 (2) La strat\u00e9gie de protection en France et \u00e0 l\u2019\u00e9tranger.<br \/>\n\u2022 (2) Le choix des proc\u00e9dures.[\/vc_column_text][vc_column_text]<strong>Intervenant<\/strong><\/p>\n<p>G\u00e9rard Myon (2). Conseil en propri\u00e9t\u00e9 industrielle, Mandataire agr\u00e9\u00e9 par l\u2019Office Europ\u00e9en des Brevets.[\/vc_column_text][\/vc_column_inner][\/vc_row_inner][\/vc_accordion_tab][vc_accordion_tab title=&#8221;Plan de la pr\u00e9sentation&#8221; background_color=&#8221;#dbdbdb&#8221;][vc_row_inner row_type=&#8221;row&#8221; type=&#8221;full_width&#8221; text_align=&#8221;left&#8221; css_animation=&#8221;&#8221;][vc_column_inner width=&#8221;1\/2&#8243;][vc_column_text]<strong>Introduction \u00e0 la propri\u00e9t\u00e9 industrielle<\/strong><\/p>\n<p><strong>\u00a0<\/strong>[\/vc_column_text][vc_column_text]La propri\u00e9t\u00e9 industrielle est un \u00e9l\u00e9ment d\u2019un ensemble plus vaste que constitue la propri\u00e9t\u00e9 intellectuelle.<\/p>\n<p>Celle-ci a pour objet un certain nombre de droits dont le trait commun est de conf\u00e9rer \u00e0 leur titulaire un monopole d\u2019exploitation sur les \u00e9l\u00e9ments qu\u2019ils prot\u00e8gent.<\/p>\n<p>La propri\u00e9t\u00e9 intellectuelle a fait l\u2019objet au fil des ann\u00e9es de multiples lois dont les plus anciennes remontent \u00e0 la R\u00e9volution fran\u00e7aise et qui ont aujourd\u2019hui fait l\u2019objet d\u2019une codification dite \u00e0 droit constant en 1992 pour constituer le Code de la propri\u00e9t\u00e9 intellectuelle.<\/p>\n<p>Ce code comporte deux volets\u00a0:<\/p>\n<ul>\n<li>Le premier qui a pour objet le droit d\u2019auteur et les droits voisins que l\u2019on d\u00e9signe traditionnellement sous la d\u00e9nomination de propri\u00e9t\u00e9 litt\u00e9raire et artistique (Premi\u00e8re partie du Code).<\/li>\n<\/ul>\n<p><strong>2)<\/strong> Le deuxi\u00e8me volet de la propri\u00e9t\u00e9 intellectuelle est pr\u00e9cis\u00e9ment la propri\u00e9t\u00e9 \u00a0\u00a0\u00a0industrielle.<\/p>\n<p>Son objet est double\u00a0: d\u2019une part certaines cr\u00e9ations\u00a0; d\u2019autres part les signes distinctifs.<\/p>\n<ul>\n<li>La protection des cr\u00e9ations concerne les cr\u00e9ations de caract\u00e8re ornemental (dessins et mod\u00e8les)\u00a0; mais aussi les cr\u00e9ations de caract\u00e8re technique (brevets d\u2019invention)<\/li>\n<li>Quant aux signes distinctifs il s\u2019agit essentiellement des marques dites de fabrique, de commerce ou de service (Livre 7 du Code).<\/li>\n<\/ul>\n<p>Le caract\u00e8re territorial des droits de propri\u00e9t\u00e9 intellectuelle et en particulier de propri\u00e9t\u00e9 industrielle est antinomique avec la nature transnationale de l\u2019activit\u00e9 industrielle et commerciale.<\/p>\n<p>Les inconv\u00e9nients de ce caract\u00e8re territorial ont \u00e9t\u00e9 att\u00e9nu\u00e9s par de multiples conventions internationales.<\/p>\n<p>L\u2019une concerne l\u2019ensemble des droits de propri\u00e9t\u00e9 industrielle\u00a0: la Convention d\u2019Union de Paris (1883)<\/p>\n<p>Assimilation de l\u2019unioniste au national<\/p>\n<p>Droit de priorit\u00e9<\/p>\n<p>Les autres sont propres aux diff\u00e9rents secteurs de la propri\u00e9t\u00e9 industrielle.<\/p>\n<p>&nbsp;<\/p>\n<p><strong>La protection de l\u2019invention<\/strong><\/p>\n<p>Les inventions d\u00e9signent globalement des cr\u00e9ations de caract\u00e8re technique que l\u2019on peut ranger en deux cat\u00e9gories<\/p>\n<ul>\n<li>Les produits nouveaux<\/li>\n<li>Les proc\u00e9d\u00e9s nouveaux<\/li>\n<\/ul>\n<p>Les deux voies de protection de l\u2019invention<\/p>\n<ul>\n<li>La voie du secret<\/li>\n<li>La voie du brevet<\/li>\n<\/ul>\n<p>Ces deux voies sont antinomiques.<\/p>\n<p>La voie du secret consiste \u00e0 conserver l\u2019information confidentiellement et \u00e0 prot\u00e9ger ce secret.<\/p>\n<p>Avantages et inconv\u00e9nients de la voie du secret<\/p>\n<p>Inconv\u00e9nient de la voie du secret au plan collectif.<\/p>\n<p>La voie du brevet a pour finalit\u00e9 d\u2019inciter l\u2019auteur d\u2019une invention \u00e0 la r\u00e9v\u00e9ler en contrepartie de la reconnaissance \u00e0 son profit d\u2019un monopole temporaire d\u2019exploitation.<\/p>\n<p>Si\u00e8ge de la r\u00e9glementation en droit fran\u00e7ais\u00a0: Livre 6 du Code de la propri\u00e9t\u00e9 intellectuelle (Rappel des lois de 1844 et 1968).<\/p>\n<p>Autres titres\u00a0: Certificat compl\u00e9mentaire de protection, obtentions v\u00e9g\u00e9tales, produits semi-conducteurs.<\/p>\n<p>Conventions internationales qui att\u00e9nuent les inconv\u00e9nients de la territorialit\u00e9\u00a0:<\/p>\n<ul>\n<li>PCT<\/li>\n<li>Brevet europ\u00e9en<\/li>\n<li>Brevet europ\u00e9en \u00e0 effet unitaire<\/li>\n<\/ul>\n<p>[\/vc_column_text][\/vc_column_inner][vc_column_inner width=&#8221;1\/2&#8243;][vc_column_text]<strong>LA STRATEGIE DE PROTECTION DE L\u2019ENTREPRISE EN MATIERE DE PROPRIETE INDUSTRIELLE<\/strong>[\/vc_column_text]<div class='q_list circle'><\/p>\n<ul>\n<li>Pourquoi la Propri\u00e9t\u00e9 Industrielle dans la strat\u00e9gie de l\u2019entreprise ?<\/li>\n<li>Les branches de la Propri\u00e9t\u00e9 Industrielle et les possibilit\u00e9s de choix<\/li>\n<li>Les trois clefs d\u2019une strat\u00e9gie de Propri\u00e9t\u00e9 Industrielle en mati\u00e8re de brevets: surveiller \u2013 d\u00e9cider \u2013 valoriser<\/li>\n<li>Le choix des proc\u00e9dures les mieux adapt\u00e9es<\/li>\n<li>Exemples de co\u00fbts induits<\/li>\n<li>Les \u00e9tapes d\u00e9cisionnelles<\/li>\n<li>Application en mati\u00e8re de marques et de mod\u00e8les<\/li>\n<li>La politique PI de l\u2019entreprise<\/li>\n<\/ul>\n<p><\/div>[\/vc_column_inner][\/vc_row_inner][\/vc_accordion_tab][vc_accordion_tab title=&#8221;Journ\u00e9e 2 &#8211; Connaissances avanc\u00e9es&#8221;][vc_row_inner row_type=&#8221;row&#8221; type=&#8221;full_width&#8221; text_align=&#8221;left&#8221; css_animation=&#8221;&#8221;][vc_column_inner width=&#8221;1\/2&#8243;][vc_column_text]PROGRAMME :<\/p>\n<p>Matin: Les secrets d&#8217;affaires<\/p>\n<p>\u2022 Les informations prot\u00e9g\u00e9es.<br \/>\n\u2022 Les modalit\u00e9s pratiques de protection.<br \/>\n\u2022 Les accords de confidentialit\u00e9.<br \/>\n\u2022 Le r\u00e9gime de protection.<\/p>\n<p>Apr\u00e8s-midi: Financement des innovations,<\/p>\n<p>\u2022 Les outils<br \/>\n\u2022 Les pratiques<br \/>\n\u2022 Les questions juridiques<\/p>\n<p>[\/vc_column_text][\/vc_column_inner][vc_column_inner width=&#8221;1\/2&#8243;][vc_column_text]<strong>Intervenant<\/strong><\/p>\n<p>Matin: Thomas Bouvet. Avocat au Barreau de Paris, Administrateur du Centre Paul Roubier. Colin Devinant. Avocat au Barreau de Paris.<\/p>\n<p>Apr\u00e8s-midi: Alexandre Quiquerez, Ma\u00eetre de Conf\u00e9rences \u00e0 l\u2019Universit\u00e9 Lyon II.[\/vc_column_text][\/vc_column_inner][\/vc_row_inner][\/vc_accordion_tab][vc_accordion_tab title=&#8221;Plan de la pr\u00e9sentation&#8221; background_color=&#8221;#dbdbdb&#8221;][vc_column_text]La protection des secrets des affaires a \u00e9t\u00e9 renforc\u00e9e en Europe et particuli\u00e8rement en France, par la Directive du 8\u00a0juin 2016 et sa transposition par la loi du 30\u00a0juillet 2018 et le d\u00e9cret du 11\u00a0d\u00e9cembre 2018.<\/p>\n<p>Toutefois, cette protection n\u00e9cessite que les entreprises identifient leurs secrets d\u2019affaires et mettent en place \u00ab\u00a0<em>des dispositions raisonnables, au regard des circonstances\u00a0\u00bb<\/em> pour en pr\u00e9server la confidentialit\u00e9. Les entreprises doivent aussi veiller \u00e0 prot\u00e9ger les secrets qui leur ont \u00e9t\u00e9 confi\u00e9s et surtout \u00e0 \u00e9viter toute contamination de leurs activit\u00e9s par des secrets de tiers.[\/vc_column_text][vc_empty_space][vc_column_text]<strong>La s\u00e9ance abordera les points suivants\u00a0:<\/strong>[\/vc_column_text]<div class=ordered><\/p>\n<ol>\n<li>Introduction\u00a0: importance et dangers des secrets des affaires<\/li>\n<li>Identifier les secrets des affaires de l\u2019entreprise<\/li>\n<li>Pr\u00e9server les secrets des affaires de l\u2019entreprise<\/li>\n<li>Etre d\u00e9tenteur l\u00e9gitime des secrets de l\u2019entreprise<\/li>\n<li>Actes licites et illicites<\/li>\n<li>Sanctions de la violation de secrets des affaires<\/li>\n<li>Identifier et g\u00e9rer les risques de contamination<\/li>\n<li>Protection contractuelle des secrets des affaires<\/li>\n<li>Faire respecter les secrets d\u2019affaires<\/li>\n<\/ol>\n<p><\/div>[\/vc_accordion_tab][\/vc_accordion][vc_column_text](1) Demi-journ\u00e9e le matin<br \/>\n(2) Demi-journ\u00e9e l\u2019apr\u00e8s-midi[\/vc_column_text][\/vc_column][\/vc_row][vc_row css_animation=&#8221;&#8221; row_type=&#8221;row&#8221; use_row_as_full_screen_section=&#8221;no&#8221; type=&#8221;full_width&#8221; angled_section=&#8221;no&#8221; text_align=&#8221;left&#8221; background_image_as_pattern=&#8221;without_pattern&#8221;][vc_column][vc_empty_space][\/vc_column][\/vc_row]<\/p>\n","protected":false},"excerpt":{"rendered":"<p>[vc_row css_animation=&#8221;&#8221; row_type=&#8221;row&#8221; use_row_as_full_screen_section=&#8221;no&#8221; type=&#8221;full_width&#8221; angled_section=&#8221;no&#8221; text_align=&#8221;left&#8221; background_image_as_pattern=&#8221;without_pattern&#8221;][vc_column width=&#8221;1\/4&#8243;][vc_single_image image=&#8221;16215&#8243; img_size=&#8221;full&#8221; qode_css_animation=&#8221;&#8221;][\/vc_column][vc_column width=&#8221;3\/4&#8243;][vc_column_text]Objectifs: Apr\u00e8s une journ\u00e9e consacr\u00e9e \u00e0 une pr\u00e9sentation du cadre g\u00e9n\u00e9ral de la propri\u00e9t\u00e9 industrielle, permettre aux auditeurs de conna\u00eetre la pratique des secrets d\u2019affaires. Pr\u00e9requis : connaissances de base en mati\u00e8re de&#8230;<\/p>\n","protected":false},"author":1,"featured_media":0,"parent":0,"menu_order":0,"comment_status":"closed","ping_status":"closed","template":"","meta":{"footnotes":""},"class_list":["post-16196","page","type-page","status-publish","hentry"],"_links":{"self":[{"href":"https:\/\/www.paulroubier.com\/index.php\/wp-json\/wp\/v2\/pages\/16196","targetHints":{"allow":["GET"]}}],"collection":[{"href":"https:\/\/www.paulroubier.com\/index.php\/wp-json\/wp\/v2\/pages"}],"about":[{"href":"https:\/\/www.paulroubier.com\/index.php\/wp-json\/wp\/v2\/types\/page"}],"author":[{"embeddable":true,"href":"https:\/\/www.paulroubier.com\/index.php\/wp-json\/wp\/v2\/users\/1"}],"replies":[{"embeddable":true,"href":"https:\/\/www.paulroubier.com\/index.php\/wp-json\/wp\/v2\/comments?post=16196"}],"version-history":[{"count":30,"href":"https:\/\/www.paulroubier.com\/index.php\/wp-json\/wp\/v2\/pages\/16196\/revisions"}],"predecessor-version":[{"id":17233,"href":"https:\/\/www.paulroubier.com\/index.php\/wp-json\/wp\/v2\/pages\/16196\/revisions\/17233"}],"wp:attachment":[{"href":"https:\/\/www.paulroubier.com\/index.php\/wp-json\/wp\/v2\/media?parent=16196"}],"curies":[{"name":"wp","href":"https:\/\/api.w.org\/{rel}","templated":true}]}}