{"id":14093,"date":"2014-03-26T14:44:33","date_gmt":"2014-03-26T14:44:33","guid":{"rendered":"http:\/\/demo.qodeinteractive.com\/bridge46\/?page_id=14093"},"modified":"2025-12-02T09:12:58","modified_gmt":"2025-12-02T08:12:58","slug":"formations","status":"publish","type":"page","link":"https:\/\/www.paulroubier.com\/index.php\/formations\/","title":{"rendered":"Le cycle brevet"},"content":{"rendered":"<p>[vc_row css_animation=&#8221;&#8221; row_type=&#8221;row&#8221; use_row_as_full_screen_section=&#8221;no&#8221; type=&#8221;full_width&#8221; angled_section=&#8221;no&#8221; text_align=&#8221;left&#8221; background_image_as_pattern=&#8221;without_pattern&#8221; z_index=&#8221;&#8221; padding_top=&#8221;102&#8243;][vc_column][\/vc_column][vc_column][vc_column_text]<\/p>\n<h3 style=\"text-align: center;\"><strong>Une formation unique en 6 modules et 12 journ\u00e9es (dur\u00e9e journ\u00e9es 7 heures)<\/strong><\/h3>\n<h4 style=\"text-align: center;\"><strong>(cycle complet ou module \/ journ\u00e9e au choix)<\/strong><\/h4>\n<p>[\/vc_column_text][vc_separator type=&#8221;small&#8221; position=&#8221;center&#8221; up=&#8221;33&#8243; down=&#8221;58&#8243;][vc_column_text]<\/p>\n<h4 style=\"text-align: center;\"><a href=\"https:\/\/www.paulroubier.com\/wp-content\/uploads\/2025\/12\/Formations-cycle-brevet-CPR-2026.pdf\"><strong>Catalogue au format PDF t\u00e9l\u00e9chargeable<\/strong><\/a><\/h4>\n<p>[\/vc_column_text][\/vc_column][\/vc_row][vc_row css_animation=&#8221;&#8221; row_type=&#8221;row&#8221; use_row_as_full_screen_section=&#8221;no&#8221; type=&#8221;full_width&#8221; angled_section=&#8221;no&#8221; text_align=&#8221;left&#8221; background_image_as_pattern=&#8221;without_pattern&#8221;][vc_column][vc_separator type=&#8221;small&#8221; position=&#8221;center&#8221; up=&#8221;33&#8243; down=&#8221;58&#8243;][\/vc_column][\/vc_row][vc_row css_animation=&#8221;&#8221; row_type=&#8221;row&#8221; use_row_as_full_screen_section=&#8221;no&#8221; type=&#8221;grid&#8221; angled_section=&#8221;no&#8221; text_align=&#8221;left&#8221; background_image_as_pattern=&#8221;without_pattern&#8221; anchor=&#8221;2019&#8243; z_index=&#8221;&#8221;][vc_column width=&#8221;1\/3&#8243;][vc_single_image image=&#8221;16629&#8243; img_size=&#8221;full&#8221; qode_css_animation=&#8221;element_from_left&#8221; transition_delay=&#8221;0.3&#8243;][vc_separator type=&#8221;transparent&#8221; up=&#8221;15&#8243; down=&#8221;0&#8243;][\/vc_column][vc_column width=&#8221;2\/3&#8243;][vc_column_text]<\/p>\n<h3 style=\"text-align: left;\">Module 1 : Strat\u00e9gies et financement<\/h3>\n<p>[\/vc_column_text][vc_column_text]<\/p>\n<p class=\"p1\">25 et 26 mars 2026<\/p>\n<p><strong>750 \u20ac HT \/ Jour<\/strong>[\/vc_column_text][vc_separator type=&#8221;small&#8221; position=&#8221;left&#8221; up=&#8221;20&#8243; down=&#8221;20&#8243;][vc_column_text]<span class=\"txtGris introduction\">Apr\u00e8s une journ\u00e9e consacr\u00e9e \u00e0 une pr\u00e9sentation du cadre g\u00e9n\u00e9ral de la propri\u00e9t\u00e9 industrielle,<br \/>\npermettre aux auditeurs de conna\u00eetre la pratique des secrets d\u2019affaires, et acqu\u00e9rir les bases sur le financement de et par la propri\u00e9t\u00e9 intellectuelle.<\/span>[\/vc_column_text][vc_separator type=&#8221;transparent&#8221; up=&#8221;0&#8243; down=&#8221;20&#8243;]<div class=\"custom_font_holder\" style=\"font-family: Lora; font-size: 14px; line-height: 18px; font-style: italic; font-weight: 400; color: #9b825e; text-decoration: none; text-align: left;\"><a href=\"https:\/\/www.paulroubier.com\/index.php\/module-01\/\">Lire la suite<\/a><\/div>[\/vc_column][\/vc_row][vc_row css_animation=&#8221;&#8221; row_type=&#8221;row&#8221; use_row_as_full_screen_section=&#8221;no&#8221; type=&#8221;grid&#8221; angled_section=&#8221;no&#8221; text_align=&#8221;left&#8221; background_image_as_pattern=&#8221;without_pattern&#8221; background_color=&#8221;#ffffff&#8221; padding_top=&#8221;87&#8243;][vc_column width=&#8221;2\/3&#8243;][vc_separator type=&#8221;transparent&#8221; up=&#8221;4&#8243; down=&#8221;0&#8243;][vc_column_text]<\/p>\n<h3 style=\"text-align: left;\">Module 2 : L\u2019obtention du brevet : les conditions de fond<\/h3>\n<p>[\/vc_column_text][vc_column_text]<\/p>\n<p class=\"p1\">27 et 28 mai 2026<\/p>\n<p><strong>750 \u20ac HT \/ Jour<\/strong>[\/vc_column_text][vc_separator type=&#8221;small&#8221; position=&#8221;left&#8221; up=&#8221;20&#8243; down=&#8221;20&#8243;][vc_column_text]<span class=\"txtGris introduction\">Comprendre la notion d\u2019invention objet de la protection. Ma\u00eetriser les caract\u00e9ristiques des innovations susceptibles d\u2019une protection par le brevet.<\/span>[\/vc_column_text][vc_separator type=&#8221;transparent&#8221; up=&#8221;0&#8243; down=&#8221;20&#8243;]<div class=\"custom_font_holder\" style=\"font-family: Lora; font-size: 14px; line-height: 18px; font-style: italic; font-weight: 400; color: #9b825e; text-decoration: none; text-align: left;\"><a href=\"https:\/\/www.paulroubier.com\/index.php\/module-2-lobtention-du-brevet-les-conditions-de-fond\/\">Lire la suite<\/a><\/div>[\/vc_column][vc_column width=&#8221;1\/3&#8243;][vc_separator type=&#8221;transparent&#8221; up=&#8221;7&#8243; down=&#8221;0&#8243;][vc_single_image image=&#8221;16123&#8243; img_size=&#8221;full&#8221; qode_css_animation=&#8221;element_from_right&#8221; transition_delay=&#8221;0.3&#8243;][\/vc_column][\/vc_row][vc_row css_animation=&#8221;&#8221; row_type=&#8221;row&#8221; use_row_as_full_screen_section=&#8221;no&#8221; type=&#8221;grid&#8221; angled_section=&#8221;no&#8221; text_align=&#8221;left&#8221; background_image_as_pattern=&#8221;without_pattern&#8221; padding_top=&#8221;96&#8243;][vc_column width=&#8221;1\/3&#8243;][vc_separator type=&#8221;transparent&#8221; up=&#8221;7&#8243; down=&#8221;0&#8243;][vc_single_image image=&#8221;16205&#8243; img_size=&#8221;full&#8221; qode_css_animation=&#8221;element_from_left&#8221; transition_delay=&#8221;0.3&#8243;][vc_separator type=&#8221;transparent&#8221; up=&#8221;15&#8243; down=&#8221;0&#8243;][\/vc_column][vc_column width=&#8221;2\/3&#8243;][vc_separator type=&#8221;transparent&#8221; up=&#8221;4&#8243; down=&#8221;0&#8243;][vc_column_text]<\/p>\n<h3 style=\"text-align: left;\">Module 3 : L\u2019obtention du brevet : les conditions de forme<\/h3>\n<p>[\/vc_column_text][vc_column_text]<\/p>\n<p class=\"p1\">17 et 18 juin 2026<\/p>\n<p><strong>750 \u20ac HT \/ Jour<\/strong>[\/vc_column_text][vc_separator type=&#8221;small&#8221; position=&#8221;left&#8221; up=&#8221;20&#8243; down=&#8221;20&#8243;][vc_column_text]<span class=\"txtGris introduction\">Donner aux auditeurs les moyens d\u2019appr\u00e9hender l\u2019ensemble des proc\u00e9dures administratives permettant<br \/>\nd\u2019obtenir un brevet fran\u00e7ais et d\u2019\u00e9tendre la protection de l\u2019invention \u00e0 l\u2019\u00e9tranger, en particulier<br \/>\nen Europe, en application des conventions internationales et de recherche et d\u00e9veloppement.<\/span>[\/vc_column_text][vc_separator type=&#8221;transparent&#8221; up=&#8221;0&#8243; down=&#8221;20&#8243;]<div class=\"custom_font_holder\" style=\"font-family: Lora; font-size: 14px; line-height: 18px; font-style: italic; font-weight: 400; color: #9b825e; text-decoration: none; text-align: left;\"><a href=\"https:\/\/www.paulroubier.com\/index.php\/module-03-lobtention-du-brevet-les-conditions-de-forme\/\">Lire la suite<\/a><\/div>[\/vc_column][\/vc_row][vc_row css_animation=&#8221;&#8221; row_type=&#8221;row&#8221; use_row_as_full_screen_section=&#8221;no&#8221; type=&#8221;grid&#8221; angled_section=&#8221;no&#8221; text_align=&#8221;left&#8221; background_image_as_pattern=&#8221;without_pattern&#8221; background_color=&#8221;#ffffff&#8221; padding_top=&#8221;87&#8243;][vc_column width=&#8221;2\/3&#8243;][vc_separator type=&#8221;transparent&#8221; up=&#8221;4&#8243; down=&#8221;0&#8243;][vc_column_text]<\/p>\n<h3 style=\"text-align: left;\">Module 4 : Du droit au titre \u00e0 sa protection<\/h3>\n<p>[\/vc_column_text][vc_column_text]<\/p>\n<p class=\"p1\">16 et 17 septembre 2026<\/p>\n<p><strong>750 \u20ac HT \/ Jour<\/strong>[\/vc_column_text][vc_separator type=&#8221;small&#8221; position=&#8221;left&#8221; up=&#8221;20&#8243; down=&#8221;20&#8243;][vc_column_text]<span class=\"txtGris introduction\">Permettre aux auditeurs de conna\u00eetre le r\u00e9gime de protection des diff\u00e9rentes cr\u00e9ations, notamment dans le cadre du contrat de travail. Fournir aux auditeurs les moyens de d\u00e9celer les atteintes \u00e0 leurs droits de propri\u00e9t\u00e9 industrielle et d\u2019en poursuivre les auteurs.<\/span>[\/vc_column_text][vc_separator type=&#8221;transparent&#8221; up=&#8221;0&#8243; down=&#8221;20&#8243;]<div class=\"custom_font_holder\" style=\"font-family: Lora; font-size: 14px; line-height: 18px; font-style: italic; font-weight: 400; color: #9b825e; text-decoration: none; text-align: left;\"><a href=\"https:\/\/www.paulroubier.com\/index.php\/module-04-du-droit-au-titre-a-sa-protection\/\">Lire la suite<\/a><\/div>[\/vc_column][vc_column width=&#8221;1\/3&#8243;][vc_separator type=&#8221;transparent&#8221; up=&#8221;7&#8243; down=&#8221;0&#8243;][vc_single_image image=&#8221;16202&#8243; img_size=&#8221;full&#8221; qode_css_animation=&#8221;element_from_right&#8221; transition_delay=&#8221;0.3&#8243;][\/vc_column][\/vc_row][vc_row css_animation=&#8221;&#8221; row_type=&#8221;row&#8221; use_row_as_full_screen_section=&#8221;no&#8221; type=&#8221;grid&#8221; angled_section=&#8221;no&#8221; text_align=&#8221;left&#8221; background_image_as_pattern=&#8221;without_pattern&#8221; padding_top=&#8221;96&#8243;][vc_column width=&#8221;1\/3&#8243;][vc_separator type=&#8221;transparent&#8221; up=&#8221;7&#8243; down=&#8221;0&#8243;][vc_single_image image=&#8221;16204&#8243; img_size=&#8221;full&#8221; qode_css_animation=&#8221;element_from_left&#8221; transition_delay=&#8221;0.3&#8243;][vc_separator type=&#8221;transparent&#8221; up=&#8221;15&#8243; down=&#8221;0&#8243;][\/vc_column][vc_column width=&#8221;2\/3&#8243;][vc_separator type=&#8221;transparent&#8221; up=&#8221;4&#8243; down=&#8221;0&#8243;][vc_column_text]<\/p>\n<h3 style=\"text-align: left;\">Module 5 : L\u2019exploitation des brevets<\/h3>\n<p>[\/vc_column_text][vc_column_text]<\/p>\n<p class=\"p1\">14 et 15 octobre 2026<\/p>\n<p><strong>750 \u20ac HT \/ Jour<\/strong>[\/vc_column_text][vc_separator type=&#8221;small&#8221; position=&#8221;left&#8221; up=&#8221;20&#8243; down=&#8221;20&#8243;][vc_column_text]<span class=\"txtGris introduction\">Permettre aux auditeurs de n\u00e9gocier et de r\u00e9diger les contrats d\u2019exploitation des droits de propri\u00e9t\u00e9 industrielle en application des r\u00e8gles du droit fran\u00e7ais et du droit international, en tenant compte des contraintes du droit de la concurrence, en s\u2019int\u00e9ressant particuli\u00e8rement \u00e0 la question des licence FRAND.<\/span>[\/vc_column_text][vc_separator type=&#8221;transparent&#8221; up=&#8221;0&#8243; down=&#8221;20&#8243;]<div class=\"custom_font_holder\" style=\"font-family: Lora; font-size: 14px; line-height: 18px; font-style: italic; font-weight: 400; color: #9b825e; text-decoration: none; text-align: left;\"><a href=\"https:\/\/www.paulroubier.com\/index.php\/module-05-lexploitation-des-brevets\/\">Lire la suite<\/a><\/div>[\/vc_column][\/vc_row][vc_row css_animation=&#8221;&#8221; row_type=&#8221;row&#8221; use_row_as_full_screen_section=&#8221;no&#8221; type=&#8221;grid&#8221; angled_section=&#8221;no&#8221; text_align=&#8221;left&#8221; background_image_as_pattern=&#8221;without_pattern&#8221; background_color=&#8221;#ffffff&#8221; padding_top=&#8221;87&#8243;][vc_column width=&#8221;2\/3&#8243;][vc_separator type=&#8221;transparent&#8221; up=&#8221;4&#8243; down=&#8221;0&#8243;][vc_column_text]<\/p>\n<h3 style=\"text-align: left;\">Module 6 : Les autres syst\u00e8mes de brevets<\/h3>\n<p>[\/vc_column_text][vc_column_text]<\/p>\n<p class=\"p1\">18 et 19 novembre 2026<\/p>\n<p><strong>750 \u20ac HT \/ Jour<\/strong>[\/vc_column_text][vc_separator type=&#8221;small&#8221; position=&#8221;left&#8221; up=&#8221;20&#8243; down=&#8221;20&#8243;][vc_column_text]<span class=\"txtGris introduction\">Initier les auditeurs au r\u00e9gime de protection des inventions aux Etats-Unis et en Chine et aux sp\u00e9cificit\u00e9s de ces droits quant \u00e0 l\u2019acquisition et \u00e0 l\u2019exploitation de brevets dans ces pays.<\/span>[\/vc_column_text][vc_separator type=&#8221;transparent&#8221; up=&#8221;0&#8243; down=&#8221;20&#8243;]<div class=\"custom_font_holder\" style=\"font-family: Lora; font-size: 14px; line-height: 18px; font-style: italic; font-weight: 400; color: #9b825e; text-decoration: none; text-align: left;\"><a href=\"https:\/\/www.paulroubier.com\/index.php\/module-06-les-autres-systemes-de-brevets\/\">Lire la suite<\/a><\/div>[\/vc_column][vc_column width=&#8221;1\/3&#8243;][vc_separator type=&#8221;transparent&#8221; up=&#8221;7&#8243; down=&#8221;0&#8243;][vc_single_image image=&#8221;16213&#8243; img_size=&#8221;full&#8221; qode_css_animation=&#8221;element_from_right&#8221; transition_delay=&#8221;0.3&#8243;][\/vc_column][\/vc_row][vc_row css_animation=&#8221;&#8221; row_type=&#8221;row&#8221; use_row_as_full_screen_section=&#8221;no&#8221; type=&#8221;full_width&#8221; angled_section=&#8221;no&#8221; text_align=&#8221;left&#8221; background_image_as_pattern=&#8221;without_pattern&#8221;][vc_column][vc_separator type=&#8221;transparent&#8221; up=&#8221;94&#8243; down=&#8221;0&#8243;][\/vc_column][\/vc_row]<\/p>\n","protected":false},"excerpt":{"rendered":"<p>[vc_row css_animation=&#8221;&#8221; row_type=&#8221;row&#8221; use_row_as_full_screen_section=&#8221;no&#8221; type=&#8221;full_width&#8221; angled_section=&#8221;no&#8221; text_align=&#8221;left&#8221; background_image_as_pattern=&#8221;without_pattern&#8221; z_index=&#8221;&#8221; padding_top=&#8221;102&#8243;][vc_column][\/vc_column][vc_column][vc_column_text] Une formation unique en 6 modules et 12 journ\u00e9es (dur\u00e9e journ\u00e9es 7 heures) (cycle complet ou module \/ journ\u00e9e au choix) [\/vc_column_text][vc_separator type=&#8221;small&#8221; position=&#8221;center&#8221; up=&#8221;33&#8243; down=&#8221;58&#8243;][vc_column_text] Catalogue au format PDF t\u00e9l\u00e9chargeable [\/vc_column_text][\/vc_column][\/vc_row][vc_row css_animation=&#8221;&#8221; row_type=&#8221;row&#8221; use_row_as_full_screen_section=&#8221;no&#8221;&#8230;<\/p>\n","protected":false},"author":1,"featured_media":0,"parent":0,"menu_order":0,"comment_status":"open","ping_status":"open","template":"full_width.php","meta":{"footnotes":""},"class_list":["post-14093","page","type-page","status-publish","hentry"],"_links":{"self":[{"href":"https:\/\/www.paulroubier.com\/index.php\/wp-json\/wp\/v2\/pages\/14093","targetHints":{"allow":["GET"]}}],"collection":[{"href":"https:\/\/www.paulroubier.com\/index.php\/wp-json\/wp\/v2\/pages"}],"about":[{"href":"https:\/\/www.paulroubier.com\/index.php\/wp-json\/wp\/v2\/types\/page"}],"author":[{"embeddable":true,"href":"https:\/\/www.paulroubier.com\/index.php\/wp-json\/wp\/v2\/users\/1"}],"replies":[{"embeddable":true,"href":"https:\/\/www.paulroubier.com\/index.php\/wp-json\/wp\/v2\/comments?post=14093"}],"version-history":[{"count":61,"href":"https:\/\/www.paulroubier.com\/index.php\/wp-json\/wp\/v2\/pages\/14093\/revisions"}],"predecessor-version":[{"id":17232,"href":"https:\/\/www.paulroubier.com\/index.php\/wp-json\/wp\/v2\/pages\/14093\/revisions\/17232"}],"wp:attachment":[{"href":"https:\/\/www.paulroubier.com\/index.php\/wp-json\/wp\/v2\/media?parent=14093"}],"curies":[{"name":"wp","href":"https:\/\/api.w.org\/{rel}","templated":true}]}}